{"id":177,"date":"2026-02-11T21:06:58","date_gmt":"2026-02-11T21:06:58","guid":{"rendered":"https:\/\/g-studio.hu\/index.php\/landing\/"},"modified":"2026-02-23T16:54:23","modified_gmt":"2026-02-23T16:54:23","slug":"eskuvoi-fotozas","status":"publish","type":"page","link":"https:\/\/g-studio.hu\/index.php\/eskuvoi-fotozas\/","title":{"rendered":"landing"},"content":{"rendered":"\n    \n    <section class=\"u-clearfix u-image u-shading u-section-2\" id=\"sec-d161\" data-image-width=\"3830\" data-image-height=\"2553\" style=\"background-image: linear-gradient(0deg, rgba(180, 110, 78, 0.6), rgba(180, 110, 78, 0.6)), url(&quot;https:\/\/g-studio.hu\/wp-content\/uploads\/2026\/02\/header.png&quot;);\">\n      <div class=\"u-clearfix u-sheet u-valign-middle-sm u-sheet-1\">\n        <div class=\"u-align-center u-container-align-center u-container-style u-expanded-width-md u-expanded-width-sm u-expanded-width-xs u-group u-group-1\">\n          <div class=\"u-container-layout u-valign-middle-lg u-valign-middle-md u-valign-middle-sm u-container-layout-1\">\n            <h2 class=\"u-custom-font u-font-lato u-text u-text-1\">G-sTUDIO<\/h2>\n            <h2 class=\"u-align-center-xs u-text u-text-2\"> Esk\u00fcv\u0151i fot\u00f3s Magyarorsz\u00e1gon \u2013 val\u00f3di \u00e9rzelmek, id\u0151t\u00e1ll\u00f3 k\u00e9pek<span style=\"font-size: 3.75rem;\"><\/span>\n            <\/h2>\n          <\/div>\n        <\/div>\n      <\/div>\n    <\/section>\n    <section class=\"u-clearfix u-grey-10 u-section-3\" id=\"sec-c1e5\">\n      <div class=\"u-clearfix u-sheet u-valign-middle-md u-valign-middle-sm u-valign-middle-xs u-sheet-1\">\n        <img decoding=\"async\" src=\"https:\/\/g-studio.hu\/wp-content\/uploads\/2026\/02\/2.png\" alt=\"\" class=\"u-align-left u-hidden-md u-hidden-sm u-hidden-xs u-image u-image-contain u-image-default u-image-1\">\n        <div class=\"u-align-center u-container-align-center u-container-style u-expanded-width-xs u-group u-group-1\">\n          <div class=\"u-container-layout u-valign-middle u-container-layout-1\">\n            <p class=\"u-text u-text-palette-2-dark-3 u-text-1\"> Sziasztok, Orgov\u00e1n Gy\u00f6rgy vagyok, a GStudio tulajdonosa.<br>A v\u00e1llalkoz\u00e1s\u00e9, amely&nbsp;esk\u00fcv\u0151ket, st\u00edlusos \u00fcnneps\u00e9geket \u00e9s lagzikat hivatott meg\u00f6r\u00f6k\u00edteni magas sz\u00ednvonalon, \u00e9s olyan m\u00f3don, hogy egy igazi, \u00e9letre sz\u00f3l\u00f3 eml\u00e9k maradjon. \n            <\/p>\n          <\/div>\n        <\/div>\n        <img decoding=\"async\" src=\"https:\/\/g-studio.hu\/wp-content\/uploads\/2026\/02\/2.png\" alt=\"\" class=\"u-align-right u-flip-horizontal u-hidden-md u-hidden-sm u-hidden-xs u-image u-image-contain u-image-default u-image-2\">\n      <\/div>\n    <\/section>\n    <section class=\"skrollable skrollable-between u-clearfix u-container-align-center-md u-container-align-center-sm u-container-align-center-xs u-image u-parallax u-section-4\" id=\"sec-699b\" style=\"background-image: url(&quot;https:\/\/g-studio.hu\/wp-content\/uploads\/2026\/02\/pexelsphoto1646730.jpeg&quot;);\">\n      <div class=\"u-clearfix u-sheet u-sheet-1\"><\/div>\n    <\/section>\n    <section class=\"u-clearfix u-grey-5 u-section-5\" id=\"sec-357a\">\n      <div class=\"u-clearfix u-sheet u-valign-middle-lg u-valign-middle-sm u-valign-middle-xs u-sheet-1\">\n        <div class=\"data-layout-selected u-clearfix u-expanded-width-lg u-expanded-width-md u-expanded-width-sm u-expanded-width-xs u-gutter-20 u-layout-wrap u-layout-wrap-1\">\n          <div class=\"u-layout\">\n            <div class=\"u-layout-row\">\n              <div class=\"u-size-30 u-size-60-md\">\n                <div class=\"u-layout-col\">\n                  <div class=\"u-container-style u-image u-layout-cell u-left-cell u-size-40 u-image-1\" data-image-width=\"3171\" data-image-height=\"4757\" style=\"background-image: url(&quot;https:\/\/g-studio.hu\/wp-content\/uploads\/2026\/02\/IMG_7781-11.png&quot;);\">\n                    <div class=\"u-container-layout\"><\/div>\n                  <\/div>\n                  <div class=\"u-container-style u-layout-cell u-left-cell u-size-20 u-layout-cell-2\">\n                    <div class=\"u-container-layout u-container-layout-2\">\n                      <h2 class=\"u-custom-font u-font-georgia u-text u-text-palette-3-dark-2 u-text-1\"> Val\u00f3di t\u00f6rt\u00e9netek<\/h2>\n                      <p class=\"u-text u-text-2\"> Az esk\u00fcv\u0151 napja megism\u00e9telhetetlen. A feladatom az, hogy \u00e9szrev\u00e9tlen jelenl\u00e9ttel, m\u00e9gis tudatosan \u00f6r\u00f6k\u00edtsem meg mindazt, ami igaz\u00e1n sz\u00e1m\u00edt: a pillant\u00e1sokat, az \u00e9rint\u00e9seket, az \u0151szinte nevet\u00e9seket \u00e9s a meghat\u00f3 pillanatokat.<\/p>\n                    <\/div>\n                  <\/div>\n                <\/div>\n              <\/div>\n              <div class=\"u-size-30 u-size-60-md\">\n                <div class=\"u-layout-col\">\n                  <div class=\"u-container-style u-layout-cell u-right-cell u-size-20 u-layout-cell-3\">\n                    <div class=\"u-container-layout u-container-layout-3\">\n                      <h2 class=\"u-custom-font u-font-georgia u-text u-text-palette-3-dark-2 u-text-3\"> Szem\u00e9lyre szabott esk\u00fcv\u0151i fot\u00f3z\u00e1s<\/h2>\n                      <p class=\"u-text u-text-4\"> Minden esk\u00fcv\u0151 m\u00e1s, ez\u00e9rt a fot\u00f3z\u00e1s is teljes m\u00e9rt\u00e9kben R\u00e1tok szabott. A k\u00f6z\u00f6s tervez\u00e9s sor\u00e1n megismerem az elk\u00e9pzel\u00e9seiteket, a st\u00edlusotokat \u00e9s az esk\u00fcv\u0151 hangulat\u00e1t, hogy az elk\u00e9sz\u00fclt k\u00e9pek val\u00f3ban Titeket t\u00fckr\u00f6zzenek.<br>\n                        <br>\n                      <\/p>\n                    <\/div>\n                  <\/div>\n                  <div class=\"u-container-style u-image u-layout-cell u-right-cell u-size-40 u-image-2\" data-image-width=\"1966\" data-image-height=\"1311\" style=\"background-image: url(&quot;https:\/\/g-studio.hu\/wp-content\/uploads\/2026\/02\/106204441_4686053078086709_8427932450171050159_n.jpg?rand=8512&quot;);\">\n                    <div class=\"u-container-layout\"><\/div>\n                  <\/div>\n                <\/div>\n              <\/div>\n            <\/div>\n          <\/div>\n        <\/div>\n      <\/div>\n    <\/section>\n    <section class=\"u-black u-clearfix u-section-6\" id=\"sec-e07e\">\n      <div class=\"u-clearfix u-sheet u-valign-middle-xl u-sheet-1\">\n        <div class=\"u-align-center u-container-align-center u-container-style u-expanded-width-sm u-expanded-width-xs u-group u-group-1\">\n          <div class=\"u-container-layout u-valign-middle u-container-layout-1\">\n            <h2 class=\"u-custom-font u-font-georgia u-text u-text-1\"> Rugalmas csomagok, pr\u00e9mium szolg\u00e1ltat\u00e1s<\/h2>\n            <p class=\"u-text u-text-2\"> Az esk\u00fcv\u0151i fot\u00f3s csomagjaimat \u00fagy alak\u00edtottam ki, hogy rugalmasan igazodjanak az elk\u00e9pzel\u00e9seitekhez \u00e9s a nagy napotok menet\u00e9hez. <br>Legyen sz\u00f3 eg\u00e9sz napos esk\u00fcv\u0151i fot\u00f3z\u00e1sr\u00f3l, r\u00f6videbb jelenl\u00e9tr\u0151l vagy kieg\u00e9sz\u00edt\u0151 szolg\u00e1ltat\u00e1sokr\u00f3l, a c\u00e9lom az, hogy pontosan azt kapj\u00e1tok, amire sz\u00fcks\u00e9getek van \u2013 kompromisszumok n\u00e9lk\u00fcl. \n            <\/p>\n            <a href=\"https:\/\/g-studio.hu\/index.php\/eskuvo-ajanlat\/\" class=\"u-border-6 u-border-palette-2-base u-link u-no-underline u-text-palette-2-base u-link-1\" title=\"Esk\u00fcv\u0151 aj\u00e1nlat\">Csomag aj\u00e1nlatok<\/a>\n          <\/div>\n        <\/div>\n      <\/div>\n    <\/section>\n    <section class=\"u-clearfix u-white u-section-7\" id=\"sec-ecc8\">\n      <div class=\"data-layout-selected u-clearfix u-expanded-width u-layout-wrap u-layout-wrap-1\">\n        <div class=\"u-gutter-0 u-layout\">\n          <div class=\"u-layout-row\">\n            <div class=\"u-container-style u-image u-layout-cell u-size-20 u-image-1\" style=\"background-image: url(&quot;https:\/\/g-studio.hu\/wp-content\/uploads\/2026\/02\/222.png&quot;);\">\n              <div class=\"u-container-layout\"><\/div>\n            <\/div>\n            <div class=\"u-container-style u-image u-layout-cell u-size-20 u-image-2\" style=\"background-image: url(&quot;https:\/\/g-studio.hu\/wp-content\/uploads\/2026\/02\/444.png&quot;);\">\n              <div class=\"u-container-layout\"><\/div>\n            <\/div>\n            <div class=\"u-container-style u-image u-layout-cell u-size-20 u-image-3\" style=\"background-image: url(&quot;https:\/\/g-studio.hu\/wp-content\/uploads\/2026\/02\/3333.png&quot;);\">\n              <div class=\"u-container-layout\"><\/div>\n            <\/div>\n          <\/div>\n        <\/div>\n      <\/div>\n    <\/section>\n    <section class=\"u-clearfix u-color-var u-section-8\" id=\"carousel_5b36\">\n      <div class=\"u-clearfix u-sheet u-sheet-1\">\n        <div class=\"data-layout-selected u-clearfix u-expanded-width u-gutter-20 u-layout-wrap u-layout-wrap-1\">\n          <div class=\"u-layout\">\n            <div class=\"u-layout-row\">\n              <div class=\"u-container-style u-image u-layout-cell u-right-cell u-size-20 u-image-1\" data-image-width=\"4380\" data-image-height=\"2920\" style=\"background-image: url(&quot;https:\/\/g-studio.hu\/wp-content\/uploads\/2026\/02\/555.png&quot;);\">\n                <div class=\"u-container-layout\"><\/div>\n              <\/div>\n              <div class=\"u-align-justify u-container-style u-layout-cell u-size-20 u-layout-cell-2\">\n                <div class=\"u-container-layout u-valign-bottom-xl u-valign-middle-xs u-container-layout-2\">\n                  <p class=\"u-text u-text-1\"> Esk\u00fcv\u0151i fot\u00f3sk\u00e9nt a val\u00f3di pillanatok \u00e9rdekelnek. Azok az apr\u00f3 r\u00e9szletek, amelyeket az esk\u00fcv\u0151 napj\u00e1n tal\u00e1n \u00e9szre sem vesztek, de \u00e9vekkel k\u00e9s\u0151bb \u00fajra \u00e9s \u00fajra visszahozz\u00e1k az \u00e9lm\u00e9nyt. <br>Nem megrendezett jeleneteket keresek, hanem \u0151szinte \u00e9rzelmeket, term\u00e9szetes mozdulatokat \u00e9s megism\u00e9telhetetlen helyzeteket. <br>\n                    <br>Diszkr\u00e9ten, m\u00e9gis hat\u00e1rozott szakmai jelenl\u00e9ttel dolgozom, hogy Ti \u00f6nmagatok lehessetek, mik\u00f6zben minden fontos pillanat meg\u00f6r\u00f6k\u00edt\u00e9sre ker\u00fcl. Hiszek az id\u0151t\u00e1ll\u00f3 k\u00e9pi vil\u00e1gban, a letisztult szerkeszt\u00e9sben \u00e9s abban, hogy egy j\u00f3 esk\u00fcv\u0151i fot\u00f3 nem divatot k\u00f6vet, hanem eml\u00e9ket teremt. \n                  <\/p>\n                  <a href=\"https:\/\/g-studio.hu\/index.php\/kapcsolat\/\" class=\"u-align-center u-btn u-btn-round u-button-style u-hover-palette-1-light-1 u-palette-1-base u-radius u-btn-1\" title=\"Kapcsolat\">Kapcsolat<\/a>\n                <\/div>\n              <\/div>\n              <div class=\"u-align-center u-color-var u-container-align-center u-container-style u-layout-cell u-left-cell u-size-20 u-layout-cell-3\">\n                <div class=\"u-container-layout u-valign-middle-lg u-valign-middle-md u-valign-middle-sm u-container-layout-3\">\n                  <h2 class=\"u-custom-font u-font-georgia u-text u-text-body-alt-color u-text-2\">T\u00f6rt\u00e9netek - k\u00e9pekben <\/h2>\n                <\/div>\n              <\/div>\n            <\/div>\n          <\/div>\n        <\/div>\n      <\/div>\n    <\/section>\n    \n    \n    \n  \n","protected":false},"excerpt":{"rendered":"<p>G-sTUDIO Esk\u00fcv\u0151i fot\u00f3s Magyarorsz\u00e1gon \u2013 val\u00f3di \u00e9rzelmek, id\u0151t\u00e1ll\u00f3 k\u00e9pek Sziasztok, Orgov\u00e1n Gy\u00f6rgy vagyok, a GStudio tulajdonosa.A v\u00e1llalkoz\u00e1s\u00e9, amely&nbsp;esk\u00fcv\u0151ket, st\u00edlusos \u00fcnneps\u00e9geket \u00e9s lagzikat hivatott meg\u00f6r\u00f6k\u00edteni magas sz\u00ednvonalon, \u00e9s olyan m\u00f3don, hogy egy igazi, \u00e9letre sz\u00f3l\u00f3 eml\u00e9k maradjon. Val\u00f3di t\u00f6rt\u00e9netek Az esk\u00fcv\u0151 napja megism\u00e9telhetetlen. A feladatom az, hogy \u00e9szrev\u00e9tlen jelenl\u00e9ttel, m\u00e9gis tudatosan \u00f6r\u00f6k\u00edtsem meg mindazt, ami igaz\u00e1n &hellip; <a href=\"https:\/\/g-studio.hu\/index.php\/eskuvoi-fotozas\/\" class=\"more-link\">Continue reading<span class=\"screen-reader-text\"> &#8222;landing&#8221;<\/span><\/a><\/p>\n","protected":false},"author":1,"featured_media":0,"parent":0,"menu_order":2,"comment_status":"closed","ping_status":"closed","template":"","meta":{"footnotes":""},"class_list":["post-177","page","type-page","status-publish","hentry"],"yoast_head":"<!-- This site is optimized with the Yoast SEO Premium plugin v19.5 (Yoast SEO v27.0) - https:\/\/yoast.com\/product\/yoast-seo-premium-wordpress\/ -->\n<title>Esk\u00fcv\u0151i fot\u00f3z\u00e1s<\/title>\n<meta name=\"description\" content=\"Esk\u00fcv\u0151t terveztek, de a fot\u00f3s m\u00e9g hi\u00e1nyzik? Ha fontosak sz\u00e1motokra az id\u0151t\u00e1ll\u00f3, term\u00e9szetes esk\u00fcv\u0151i k\u00e9pek,most \u00e9rdemes l\u00e9pni.\u2714\ufe0f esk\u00fcv\u0151i fot\u00f3z\u00e1s\u2714\ufe0f rugalmas csomagok\u2714\ufe0f fantasztikus \u00e1rakon\ud83d\udce9 \u00c9rdekl\u0151d\u00e9s \u00e9s tov\u00e1bbi inform\u00e1ci\u00f3k:\ud83d\udc49 https:\/\/g-studio.hu\/index.php\/eskuvoi-fotozas\/\" \/>\n<meta name=\"robots\" content=\"index, follow, max-snippet:-1, max-image-preview:large, max-video-preview:-1\" \/>\n<link rel=\"canonical\" href=\"https:\/\/g-studio.hu\/index.php\/eskuvoi-fotozas\/\" \/>\n<meta property=\"og:locale\" content=\"hu_HU\" \/>\n<meta property=\"og:type\" content=\"article\" \/>\n<meta property=\"og:title\" content=\"Esk\u00fcv\u0151i fot\u00f3z\u00e1s\" \/>\n<meta property=\"og:description\" content=\"Esk\u00fcv\u0151t terveztek, de a fot\u00f3s m\u00e9g hi\u00e1nyzik? Ha fontosak sz\u00e1motokra az id\u0151t\u00e1ll\u00f3, term\u00e9szetes esk\u00fcv\u0151i k\u00e9pek,most \u00e9rdemes l\u00e9pni.\u2714\ufe0f esk\u00fcv\u0151i fot\u00f3z\u00e1s\u2714\ufe0f rugalmas csomagok\u2714\ufe0f fantasztikus \u00e1rakon\ud83d\udce9 \u00c9rdekl\u0151d\u00e9s \u00e9s tov\u00e1bbi inform\u00e1ci\u00f3k:\ud83d\udc49 https:\/\/g-studio.hu\/index.php\/landing\/\" \/>\n<meta property=\"og:url\" content=\"https:\/\/g-studio.hu\/index.php\/eskuvoi-fotozas\/\" \/>\n<meta property=\"og:site_name\" content=\"G Studio\" \/>\n<meta property=\"article:publisher\" content=\"https:\/\/www.facebook.com\/gstudio88\" \/>\n<meta property=\"article:modified_time\" content=\"2026-02-23T16:54:23+00:00\" \/>\n<meta property=\"og:image\" content=\"https:\/\/g-studio.hu\/wp-content\/uploads\/2026\/02\/weddig.png\" \/>\n\t<meta property=\"og:image:width\" content=\"1080\" \/>\n\t<meta property=\"og:image:height\" content=\"1080\" \/>\n\t<meta property=\"og:image:type\" content=\"image\/png\" \/>\n<meta name=\"twitter:card\" content=\"summary_large_image\" \/>\n<meta name=\"twitter:title\" content=\"landing\" \/>\n<meta name=\"twitter:label1\" content=\"Becs\u00fclt olvas\u00e1si id\u0151\" \/>\n\t<meta name=\"twitter:data1\" content=\"2 perc\" \/>\n<script type=\"application\/ld+json\" class=\"yoast-schema-graph\">{\"@context\":\"https:\/\/schema.org\",\"@graph\":[{\"@type\":\"WebPage\",\"@id\":\"https:\/\/g-studio.hu\/index.php\/eskuvoi-fotozas\/\",\"url\":\"https:\/\/g-studio.hu\/index.php\/eskuvoi-fotozas\/\",\"name\":\"Esk\u00fcv\u0151i fot\u00f3z\u00e1s\",\"isPartOf\":{\"@id\":\"https:\/\/g-studio.hu\/#website\"},\"datePublished\":\"2026-02-11T21:06:58+00:00\",\"dateModified\":\"2026-02-23T16:54:23+00:00\",\"description\":\"Esk\u00fcv\u0151t terveztek, de a fot\u00f3s m\u00e9g hi\u00e1nyzik? Ha fontosak sz\u00e1motokra az id\u0151t\u00e1ll\u00f3, term\u00e9szetes esk\u00fcv\u0151i k\u00e9pek,most \u00e9rdemes l\u00e9pni.\u2714\ufe0f esk\u00fcv\u0151i fot\u00f3z\u00e1s\u2714\ufe0f rugalmas csomagok\u2714\ufe0f fantasztikus \u00e1rakon\ud83d\udce9 \u00c9rdekl\u0151d\u00e9s \u00e9s tov\u00e1bbi inform\u00e1ci\u00f3k:\ud83d\udc49 https:\/\/g-studio.hu\/index.php\/eskuvoi-fotozas\/\",\"breadcrumb\":{\"@id\":\"https:\/\/g-studio.hu\/index.php\/eskuvoi-fotozas\/#breadcrumb\"},\"inLanguage\":\"hu\",\"potentialAction\":[{\"@type\":\"ReadAction\",\"target\":[\"https:\/\/g-studio.hu\/index.php\/eskuvoi-fotozas\/\"]}]},{\"@type\":\"BreadcrumbList\",\"@id\":\"https:\/\/g-studio.hu\/index.php\/eskuvoi-fotozas\/#breadcrumb\",\"itemListElement\":[{\"@type\":\"ListItem\",\"position\":1,\"name\":\"Kezd\u0151lap\",\"item\":\"https:\/\/g-studio.hu\/\"},{\"@type\":\"ListItem\",\"position\":2,\"name\":\"landing\"}]},{\"@type\":\"WebSite\",\"@id\":\"https:\/\/g-studio.hu\/#website\",\"url\":\"https:\/\/g-studio.hu\/\",\"name\":\"G Studio\",\"description\":\"\",\"potentialAction\":[{\"@type\":\"SearchAction\",\"target\":{\"@type\":\"EntryPoint\",\"urlTemplate\":\"https:\/\/g-studio.hu\/?s={search_term_string}\"},\"query-input\":{\"@type\":\"PropertyValueSpecification\",\"valueRequired\":true,\"valueName\":\"search_term_string\"}}],\"inLanguage\":\"hu\"}]}<\/script>\n<!-- \/ Yoast SEO Premium plugin. -->","yoast_head_json":{"title":"Esk\u00fcv\u0151i fot\u00f3z\u00e1s","description":"Esk\u00fcv\u0151t terveztek, de a fot\u00f3s m\u00e9g hi\u00e1nyzik? Ha fontosak sz\u00e1motokra az id\u0151t\u00e1ll\u00f3, term\u00e9szetes esk\u00fcv\u0151i k\u00e9pek,most \u00e9rdemes l\u00e9pni.\u2714\ufe0f esk\u00fcv\u0151i fot\u00f3z\u00e1s\u2714\ufe0f rugalmas csomagok\u2714\ufe0f fantasztikus \u00e1rakon\ud83d\udce9 \u00c9rdekl\u0151d\u00e9s \u00e9s tov\u00e1bbi inform\u00e1ci\u00f3k:\ud83d\udc49 https:\/\/g-studio.hu\/index.php\/eskuvoi-fotozas\/","robots":{"index":"index","follow":"follow","max-snippet":"max-snippet:-1","max-image-preview":"max-image-preview:large","max-video-preview":"max-video-preview:-1"},"canonical":"https:\/\/g-studio.hu\/index.php\/eskuvoi-fotozas\/","og_locale":"hu_HU","og_type":"article","og_title":"Esk\u00fcv\u0151i fot\u00f3z\u00e1s","og_description":"Esk\u00fcv\u0151t terveztek, de a fot\u00f3s m\u00e9g hi\u00e1nyzik? Ha fontosak sz\u00e1motokra az id\u0151t\u00e1ll\u00f3, term\u00e9szetes esk\u00fcv\u0151i k\u00e9pek,most \u00e9rdemes l\u00e9pni.\u2714\ufe0f esk\u00fcv\u0151i fot\u00f3z\u00e1s\u2714\ufe0f rugalmas csomagok\u2714\ufe0f fantasztikus \u00e1rakon\ud83d\udce9 \u00c9rdekl\u0151d\u00e9s \u00e9s tov\u00e1bbi inform\u00e1ci\u00f3k:\ud83d\udc49 https:\/\/g-studio.hu\/index.php\/landing\/","og_url":"https:\/\/g-studio.hu\/index.php\/eskuvoi-fotozas\/","og_site_name":"G Studio","article_publisher":"https:\/\/www.facebook.com\/gstudio88","article_modified_time":"2026-02-23T16:54:23+00:00","og_image":[{"width":1080,"height":1080,"url":"https:\/\/g-studio.hu\/wp-content\/uploads\/2026\/02\/weddig.png","type":"image\/png"}],"twitter_card":"summary_large_image","twitter_title":"landing","twitter_misc":{"Becs\u00fclt olvas\u00e1si id\u0151":"2 perc"},"schema":{"@context":"https:\/\/schema.org","@graph":[{"@type":"WebPage","@id":"https:\/\/g-studio.hu\/index.php\/eskuvoi-fotozas\/","url":"https:\/\/g-studio.hu\/index.php\/eskuvoi-fotozas\/","name":"Esk\u00fcv\u0151i fot\u00f3z\u00e1s","isPartOf":{"@id":"https:\/\/g-studio.hu\/#website"},"datePublished":"2026-02-11T21:06:58+00:00","dateModified":"2026-02-23T16:54:23+00:00","description":"Esk\u00fcv\u0151t terveztek, de a fot\u00f3s m\u00e9g hi\u00e1nyzik? Ha fontosak sz\u00e1motokra az id\u0151t\u00e1ll\u00f3, term\u00e9szetes esk\u00fcv\u0151i k\u00e9pek,most \u00e9rdemes l\u00e9pni.\u2714\ufe0f esk\u00fcv\u0151i fot\u00f3z\u00e1s\u2714\ufe0f rugalmas csomagok\u2714\ufe0f fantasztikus \u00e1rakon\ud83d\udce9 \u00c9rdekl\u0151d\u00e9s \u00e9s tov\u00e1bbi inform\u00e1ci\u00f3k:\ud83d\udc49 https:\/\/g-studio.hu\/index.php\/eskuvoi-fotozas\/","breadcrumb":{"@id":"https:\/\/g-studio.hu\/index.php\/eskuvoi-fotozas\/#breadcrumb"},"inLanguage":"hu","potentialAction":[{"@type":"ReadAction","target":["https:\/\/g-studio.hu\/index.php\/eskuvoi-fotozas\/"]}]},{"@type":"BreadcrumbList","@id":"https:\/\/g-studio.hu\/index.php\/eskuvoi-fotozas\/#breadcrumb","itemListElement":[{"@type":"ListItem","position":1,"name":"Kezd\u0151lap","item":"https:\/\/g-studio.hu\/"},{"@type":"ListItem","position":2,"name":"landing"}]},{"@type":"WebSite","@id":"https:\/\/g-studio.hu\/#website","url":"https:\/\/g-studio.hu\/","name":"G Studio","description":"","potentialAction":[{"@type":"SearchAction","target":{"@type":"EntryPoint","urlTemplate":"https:\/\/g-studio.hu\/?s={search_term_string}"},"query-input":{"@type":"PropertyValueSpecification","valueRequired":true,"valueName":"search_term_string"}}],"inLanguage":"hu"}]}},"_links":{"self":[{"href":"https:\/\/g-studio.hu\/index.php\/wp-json\/wp\/v2\/pages\/177","targetHints":{"allow":["GET"]}}],"collection":[{"href":"https:\/\/g-studio.hu\/index.php\/wp-json\/wp\/v2\/pages"}],"about":[{"href":"https:\/\/g-studio.hu\/index.php\/wp-json\/wp\/v2\/types\/page"}],"author":[{"embeddable":true,"href":"https:\/\/g-studio.hu\/index.php\/wp-json\/wp\/v2\/users\/1"}],"replies":[{"embeddable":true,"href":"https:\/\/g-studio.hu\/index.php\/wp-json\/wp\/v2\/comments?post=177"}],"version-history":[{"count":3,"href":"https:\/\/g-studio.hu\/index.php\/wp-json\/wp\/v2\/pages\/177\/revisions"}],"predecessor-version":[{"id":203,"href":"https:\/\/g-studio.hu\/index.php\/wp-json\/wp\/v2\/pages\/177\/revisions\/203"}],"wp:attachment":[{"href":"https:\/\/g-studio.hu\/index.php\/wp-json\/wp\/v2\/media?parent=177"}],"curies":[{"name":"wp","href":"https:\/\/api.w.org\/{rel}","templated":true}]}}